{"id":46624,"date":"2026-04-30T10:42:27","date_gmt":"2026-04-30T07:42:27","guid":{"rendered":"https:\/\/kaustinen.net\/?page_id=46624"},"modified":"2026-04-30T10:43:49","modified_gmt":"2026-04-30T07:43:49","slug":"teema","status":"publish","type":"page","link":"https:\/\/kaustinen.net\/sv\/teema\/","title":{"rendered":"Program"},"content":{"rendered":"<p>[et_pb_section fb_built=&#8221;1&#8243; _builder_version=&#8221;4.6.6&#8243; _module_preset=&#8221;default&#8221; background_image=&#8221;https:\/\/kaustinen.net\/wp-content\/uploads\/2024\/04\/KAUSTINEN_FOLK_MUSIC_FESTIVAL_Suomi_Finland.jpg&#8221; parallax=&#8221;on&#8221; custom_padding=&#8221;||24px|||&#8221;][et_pb_row _builder_version=&#8221;4.6.6&#8243; _module_preset=&#8221;default&#8221;][et_pb_column type=&#8221;4_4&#8243; _builder_version=&#8221;4.6.6&#8243; _module_preset=&#8221;default&#8221;][et_pb_text _builder_version=&#8221;4.6.6&#8243; _module_preset=&#8221;default&#8221; header_font=&#8221;|600||on|||||&#8221; header_font_size=&#8221;2vw&#8221; header_font_size_tablet=&#8221;10vw&#8221; header_font_size_phone=&#8221;13vw&#8221; header_font_size_last_edited=&#8221;on|phone&#8221;]<\/p>\n<h1 style=\"text-align: center;\">FESTIVAALITEEMAT 2026<\/h1>\n<p>[\/et_pb_text][\/et_pb_column][\/et_pb_row][\/et_pb_section][et_pb_section fb_built=&#8221;1&#8243; disabled_on=&#8221;off|off|off&#8221; _builder_version=&#8221;4.6.6&#8243; _module_preset=&#8221;default&#8221; custom_padding=&#8221;38px||0px|||&#8221;][et_pb_row column_structure=&#8221;1_2,1_2&#8243; _builder_version=&#8221;4.6.6&#8243; _module_preset=&#8221;default&#8221; background_enable_image=&#8221;off&#8221; background_size=&#8221;contain&#8221; background_position=&#8221;top_center&#8221; width=&#8221;50%&#8221; width_tablet=&#8221;80%&#8221; width_phone=&#8221;92%&#8221; width_last_edited=&#8221;on|tablet&#8221; module_alignment=&#8221;center&#8221; custom_padding=&#8221;43px||43px||true|&#8221; hover_enabled=&#8221;0&#8243; border_width_bottom=&#8221;5px&#8221; sticky_enabled=&#8221;0&#8243; border_color_all=&#8221;rgba(0,0,0,0)&#8221;][et_pb_column type=&#8221;1_2&#8243; _builder_version=&#8221;4.6.6&#8243; _module_preset=&#8221;default&#8221;][et_pb_image src=&#8221;https:\/\/kaustinen.net\/wp-content\/uploads\/2026\/01\/KaustinenFMF_2026_a.jpg&#8221; title_text=&#8221;KaustinenFMF_2026_a&#8221; _builder_version=&#8221;4.6.6&#8243; _module_preset=&#8221;default&#8221;][\/et_pb_image][\/et_pb_column][et_pb_column type=&#8221;1_2&#8243; _builder_version=&#8221;4.6.6&#8243; _module_preset=&#8221;default&#8221;][et_pb_text _builder_version=&#8221;4.6.6&#8243; _module_preset=&#8221;default&#8221; header_text_color=&#8221;#c29f45&#8243; header_2_font=&#8221;|600|||||||&#8221; header_2_text_color=&#8221;#000000&#8243; header_2_font_size=&#8221;20px&#8221; width=&#8221;100%&#8221; width_tablet=&#8221;&#8221; width_phone=&#8221;&#8221; width_last_edited=&#8221;on|tablet&#8221; module_alignment=&#8221;center&#8221; header_text_color__hover_enabled=&#8221;on|desktop&#8221; header_2_text_color__hover=&#8221;#c29f45&#8243; header_2_text_color__hover_enabled=&#8221;on|hover&#8221;]<\/p>\n<h2>Festivaaliteema: Perinteet k\u00e4siss\u00e4<\/h2>\n<p>Kansanmusiikin ja -tanssin el\u00e4v\u00e4 perinne ei synny vain esiintymisist\u00e4, vaan k\u00e4sill\u00e4 tekemisest\u00e4. Soittimet, puvut, materiaalit ja k\u00e4sity\u00f6taidot muodostavat aineellisen perustan, jonka varaan musiikki ja tanssi rakentuvat ja siirtyv\u00e4t sukupolvelta toiselle.<\/p>\n<p>Vuoden 2026 teema nostaa n\u00e4kyv\u00e4ksi perinteen usein taustalle j\u00e4\u00e4v\u00e4t mutta keskeiset tekij\u00e4t: <strong>soitinrakentajat, k\u00e4sity\u00f6l\u00e4iset, pukujen valmistajat ja luovat tekij\u00e4t<\/strong>, joiden osaaminen mahdollistaa kansanmusiikin ja -tanssin elinvoiman. Monet suomalaisen kansanmusiikin keskeisist\u00e4 soittimista syntyv\u00e4t yh\u00e4 k\u00e4sity\u00f6n\u00e4, ja sama koskee kansantanssin visuaalista maailmaa eli pukuja, kankaita ja asusteita.<\/p>\n<p>Teema tarkastelee k\u00e4sity\u00f6t\u00e4 osana perinteiden s\u00e4ilymist\u00e4 ja siirtymist\u00e4, aineetonta kulttuuriperint\u00f6\u00e4, yhteis\u00f6llisyytt\u00e4 ja kest\u00e4v\u00e4\u00e4 tulevaisuutta. K\u00e4sill\u00e4 tekeminen yhdist\u00e4\u00e4 sukupolvia, vahvistaa osallisuutta ja luo konkreettisen yhteyden historiaan, luontoon ja nykykulttuuriin. Festivaalin ohjelma tuo n\u00e4m\u00e4 prosessit yleis\u00f6n ulottuville konserttien, ty\u00f6pajojen, keskustelujen ja kohtaamisten kautta; ei vain valmiina lopputuloksina, vaan el\u00e4v\u00e4n\u00e4 ja jaettuna tekemisen\u00e4.[\/et_pb_text][\/et_pb_column][\/et_pb_row][et_pb_row _builder_version=&#8221;4.6.6&#8243; _module_preset=&#8221;default&#8221; hover_enabled=&#8221;0&#8243; sticky_enabled=&#8221;0&#8243; width=&#8221;50%&#8221;][et_pb_column _builder_version=&#8221;4.6.6&#8243; _module_preset=&#8221;default&#8221; type=&#8221;4_4&#8243;][et_pb_image src=&#8221;https:\/\/kaustinen.net\/wp-content\/uploads\/2026\/04\/perinne-paalla.jpg&#8221; _builder_version=&#8221;4.6.6&#8243; _module_preset=&#8221;default&#8221; title_text=&#8221;perinne-pa\u0308a\u0308lla\u0308&#8221; hover_enabled=&#8221;0&#8243; sticky_enabled=&#8221;0&#8243;][\/et_pb_image][\/et_pb_column][\/et_pb_row][et_pb_row _builder_version=&#8221;4.6.6&#8243; _module_preset=&#8221;default&#8221; column_structure=&#8221;1_2,1_2&#8243; width=&#8221;50%&#8221; hover_enabled=&#8221;0&#8243; sticky_enabled=&#8221;0&#8243; border_radii=&#8221;off||||&#8221; border_color_bottom=&#8221;#000000&#8243; border_width_bottom=&#8221;3px&#8221;][et_pb_column _builder_version=&#8221;4.6.6&#8243; _module_preset=&#8221;default&#8221; type=&#8221;1_2&#8243; hover_enabled=&#8221;0&#8243; sticky_enabled=&#8221;0&#8243;][et_pb_text _builder_version=&#8221;4.6.6&#8243; _module_preset=&#8221;default&#8221; hover_enabled=&#8221;0&#8243; sticky_enabled=&#8221;0&#8243;]<\/p>\n<h2>Se mit\u00e4 kannat, kantaa sinua.<\/h2>\n<p>Pukeudu kansallispukuun, perinnepukuun tai tuunaa-mun-perinne-asuun ja tule suureen yhteiskuvaan ja pukukulkueeseen.\u00a0<\/p>\n<p>Perinteet k\u00e4siss\u00e4 &#8211; teeman merkeiss\u00e4 kannustamme pukeutumaan k\u00e4sity\u00f6taidon ja kulttuuriperinteen n\u00e4kyv\u00e4ksi tekemiseksi!<\/p>\n<p><strong>Torstaina 16.7.<\/strong><\/p>\n<p>[\/et_pb_text][\/et_pb_column][et_pb_column _builder_version=&#8221;4.6.6&#8243; _module_preset=&#8221;default&#8221; type=&#8221;1_2&#8243;][et_pb_gallery _builder_version=&#8221;4.6.6&#8243; _module_preset=&#8221;default&#8221; gallery_ids=&#8221;46643,46642,46641,46640,46639,46638,46637,46636,46635,46634,46633,46632,46631,46630,46629,46628&#8243; hover_enabled=&#8221;0&#8243; sticky_enabled=&#8221;0&#8243; fullwidth=&#8221;on&#8221;][\/et_pb_gallery][\/et_pb_column][\/et_pb_row][et_pb_row column_structure=&#8221;1_2,1_2&#8243; _builder_version=&#8221;4.6.6&#8243; _module_preset=&#8221;default&#8221; background_enable_image=&#8221;off&#8221; background_size=&#8221;contain&#8221; background_position=&#8221;top_center&#8221; width=&#8221;50%&#8221; width_tablet=&#8221;80%&#8221; width_phone=&#8221;92%&#8221; width_last_edited=&#8221;on|tablet&#8221; module_alignment=&#8221;center&#8221; custom_padding=&#8221;||43px|||&#8221; border_width_bottom=&#8221;5px&#8221;][et_pb_column type=&#8221;1_2&#8243; _builder_version=&#8221;4.6.6&#8243; _module_preset=&#8221;default&#8221;][et_pb_image src=&#8221;https:\/\/kaustinen.net\/wp-content\/uploads\/2026\/01\/KaustinenFMF_2026_a.jpg&#8221; title_text=&#8221;KaustinenFMF_2026_a&#8221; align=&#8221;center&#8221; _builder_version=&#8221;4.6.6&#8243; _module_preset=&#8221;default&#8221; background_enable_image=&#8221;off&#8221; max_width=&#8221;100%&#8221; max_width_tablet=&#8221;&#8221; max_width_phone=&#8221;&#8221; max_width_last_edited=&#8221;on|tablet&#8221; animation_direction=&#8221;bottom&#8221;][\/et_pb_image][\/et_pb_column][et_pb_column type=&#8221;1_2&#8243; _builder_version=&#8221;4.6.6&#8243; _module_preset=&#8221;default&#8221;][et_pb_text _builder_version=&#8221;4.6.6&#8243; _module_preset=&#8221;default&#8221; header_text_color=&#8221;#c29f45&#8243; header_2_font=&#8221;|600|||||||&#8221; header_2_text_color=&#8221;#000000&#8243; header_2_font_size=&#8221;20px&#8221; width=&#8221;100%&#8221; width_tablet=&#8221;&#8221; width_phone=&#8221;&#8221; width_last_edited=&#8221;on|tablet&#8221; module_alignment=&#8221;center&#8221; header_text_color__hover_enabled=&#8221;on|desktop&#8221; header_2_text_color__hover=&#8221;#c29f45&#8243; header_2_text_color__hover_enabled=&#8221;on|hover&#8221;]<\/p>\n<h2>Maakuntateemana POHJOIS-POHJANMAA<\/h2>\n<p>Suomen kansanmusiikkiliiton kanssa yhteisty\u00f6ss\u00e4 j\u00e4rjestett\u00e4v\u00e4ll\u00e4 vuosittaisella maakuntateemalla halutaan nostaa eri maakuntien kansanmusiikkiperinnett\u00e4 ja -osaamista.<\/p>\n<p>Pohjois-Pohjanmaan teemavuosi toteutetaan yhdess\u00e4 <a href=\"https:\/\/ppkyhdistys.net\/\" target=\"_blank\" rel=\"noopener noreferrer\">Pohjois-Pohjanmaan kansanmusiikkiyhdistyksen<\/a>\u00a0kanssa.<\/p>\n<p>Maakuntateeman ohjelmaa mm.<\/p>\n<ul>\n<li>Kymmenen virran maa -maakuntateeman p\u00e4\u00e4konsertti, PE 17.7. klo 15.15, KPO-areena<\/li>\n<li>Pohjois-Pohjanmaan iltamat, PE 17.7. klo 18.00, Soittosali<\/li>\n<li>Kansantanssikonsertteja ja -esityksi\u00e4<\/li>\n<li>Ty\u00f6pajoja<\/li>\n<li>Yksitt\u00e4isi\u00e4 artisteja, esiintyji\u00e4 ja ryhmi\u00e4 maakunnan alueelta pitkin viikkoa<\/li>\n<li>Konsta -vaunu<\/li>\n<li>Oulu2026 Sauna festivaalin Saunakyl\u00e4ss\u00e4<\/li>\n<\/ul>\n<p style=\"text-align: center;\">[\/et_pb_text][\/et_pb_column][\/et_pb_row][\/et_pb_section]<\/p>\n","protected":false},"excerpt":{"rendered":"<p>[et_pb_section fb_built=&#8221;1&#8243; _builder_version=&#8221;4.6.6&#8243; _module_preset=&#8221;default&#8221; background_image=&#8221;https:\/\/kaustinen.net\/wp-content\/uploads\/2024\/04\/KAUSTINEN_FOLK_MUSIC_FESTIVAL_Suomi_Finland.jpg&#8221; parallax=&#8221;on&#8221; custom_padding=&#8221;||24px|||&#8221;][et_pb_row _builder_version=&#8221;4.6.6&#8243; _module_preset=&#8221;default&#8221;][et_pb_column type=&#8221;4_4&#8243; _builder_version=&#8221;4.6.6&#8243; _module_preset=&#8221;default&#8221;][et_pb_text _builder_version=&#8221;4.6.6&#8243; _module_preset=&#8221;default&#8221; header_font=&#8221;|600||on|||||&#8221; header_font_size=&#8221;2vw&#8221; header_font_size_tablet=&#8221;10vw&#8221; header_font_size_phone=&#8221;13vw&#8221; header_font_size_last_edited=&#8221;on|phone&#8221;] FESTIVAALITEEMAT 2026 [\/et_pb_text][\/et_pb_column][\/et_pb_row][\/et_pb_section][et_pb_section fb_built=&#8221;1&#8243; disabled_on=&#8221;off|off|off&#8221; _builder_version=&#8221;4.6.6&#8243; _module_preset=&#8221;default&#8221; custom_padding=&#8221;38px||0px|||&#8221;][et_pb_row column_structure=&#8221;1_2,1_2&#8243; _builder_version=&#8221;4.6.6&#8243; _module_preset=&#8221;default&#8221; background_enable_image=&#8221;off&#8221; background_size=&#8221;contain&#8221; background_position=&#8221;top_center&#8221; width=&#8221;50%&#8221; width_tablet=&#8221;80%&#8221; width_phone=&#8221;92%&#8221; width_last_edited=&#8221;on|tablet&#8221; module_alignment=&#8221;center&#8221; custom_padding=&#8221;43px||43px||true|&#8221; hover_enabled=&#8221;0&#8243; border_width_bottom=&#8221;5px&#8221; sticky_enabled=&#8221;0&#8243; border_color_all=&#8221;rgba(0,0,0,0)&#8221;][et_pb_column type=&#8221;1_2&#8243; _builder_version=&#8221;4.6.6&#8243; _module_preset=&#8221;default&#8221;][et_pb_image src=&#8221;https:\/\/kaustinen.net\/wp-content\/uploads\/2026\/01\/KaustinenFMF_2026_a.jpg&#8221; title_text=&#8221;KaustinenFMF_2026_a&#8221; _builder_version=&#8221;4.6.6&#8243; _module_preset=&#8221;default&#8221;][\/et_pb_image][\/et_pb_column][et_pb_column type=&#8221;1_2&#8243; _builder_version=&#8221;4.6.6&#8243; _module_preset=&#8221;default&#8221;][et_pb_text _builder_version=&#8221;4.6.6&#8243; _module_preset=&#8221;default&#8221; [&hellip;]<\/p>\n","protected":false},"author":25,"featured_media":0,"parent":0,"menu_order":0,"comment_status":"closed","ping_status":"closed","template":"","meta":{"_et_pb_use_builder":"on","_et_pb_old_content":"","_et_gb_content_width":"","footnotes":""},"class_list":["post-46624","page","type-page","status-publish","hentry"],"yoast_head":"<!-- This site is optimized with the Yoast SEO plugin v27.5 - https:\/\/yoast.com\/product\/yoast-seo-wordpress\/ -->\n<title>Ohjelma - Kaustinen Folk Music Festival<\/title>\n<meta name=\"robots\" content=\"index, follow, max-snippet:-1, max-image-preview:large, max-video-preview:-1\" \/>\n<link rel=\"canonical\" href=\"https:\/\/kaustinen.net\/sv\/teema\/\" \/>\n<meta property=\"og:locale\" content=\"sv_SE\" \/>\n<meta property=\"og:type\" content=\"article\" \/>\n<meta property=\"og:title\" content=\"Ohjelma - Kaustinen Folk Music Festival\" \/>\n<meta property=\"og:description\" content=\"[et_pb_section fb_built=&#8221;1&#8243; _builder_version=&#8221;4.6.6&#8243; _module_preset=&#8221;default&#8221; background_image=&#8221;https:\/\/kaustinen.net\/wp-content\/uploads\/2024\/04\/KAUSTINEN_FOLK_MUSIC_FESTIVAL_Suomi_Finland.jpg&#8221; parallax=&#8221;on&#8221; custom_padding=&#8221;||24px|||&#8221;][et_pb_row _builder_version=&#8221;4.6.6&#8243; _module_preset=&#8221;default&#8221;][et_pb_column type=&#8221;4_4&#8243; _builder_version=&#8221;4.6.6&#8243; _module_preset=&#8221;default&#8221;][et_pb_text _builder_version=&#8221;4.6.6&#8243; _module_preset=&#8221;default&#8221; header_font=&#8221;|600||on|||||&#8221; header_font_size=&#8221;2vw&#8221; header_font_size_tablet=&#8221;10vw&#8221; header_font_size_phone=&#8221;13vw&#8221; header_font_size_last_edited=&#8221;on|phone&#8221;] FESTIVAALITEEMAT 2026 [\/et_pb_text][\/et_pb_column][\/et_pb_row][\/et_pb_section][et_pb_section fb_built=&#8221;1&#8243; disabled_on=&#8221;off|off|off&#8221; _builder_version=&#8221;4.6.6&#8243; _module_preset=&#8221;default&#8221; custom_padding=&#8221;38px||0px|||&#8221;][et_pb_row column_structure=&#8221;1_2,1_2&#8243; _builder_version=&#8221;4.6.6&#8243; _module_preset=&#8221;default&#8221; background_enable_image=&#8221;off&#8221; background_size=&#8221;contain&#8221; background_position=&#8221;top_center&#8221; width=&#8221;50%&#8221; width_tablet=&#8221;80%&#8221; width_phone=&#8221;92%&#8221; width_last_edited=&#8221;on|tablet&#8221; module_alignment=&#8221;center&#8221; custom_padding=&#8221;43px||43px||true|&#8221; hover_enabled=&#8221;0&#8243; border_width_bottom=&#8221;5px&#8221; sticky_enabled=&#8221;0&#8243; border_color_all=&#8221;rgba(0,0,0,0)&#8221;][et_pb_column type=&#8221;1_2&#8243; _builder_version=&#8221;4.6.6&#8243; _module_preset=&#8221;default&#8221;][et_pb_image src=&#8221;https:\/\/kaustinen.net\/wp-content\/uploads\/2026\/01\/KaustinenFMF_2026_a.jpg&#8221; title_text=&#8221;KaustinenFMF_2026_a&#8221; _builder_version=&#8221;4.6.6&#8243; _module_preset=&#8221;default&#8221;][\/et_pb_image][\/et_pb_column][et_pb_column type=&#8221;1_2&#8243; _builder_version=&#8221;4.6.6&#8243; _module_preset=&#8221;default&#8221;][et_pb_text _builder_version=&#8221;4.6.6&#8243; _module_preset=&#8221;default&#8221; [&hellip;]\" \/>\n<meta property=\"og:url\" content=\"https:\/\/kaustinen.net\/sv\/teema\/\" \/>\n<meta property=\"og:site_name\" content=\"Kaustinen Folk Music Festival\" \/>\n<meta property=\"article:modified_time\" content=\"2026-04-30T07:43:49+00:00\" \/>\n<meta name=\"twitter:card\" content=\"summary_large_image\" \/>\n<meta name=\"twitter:label1\" content=\"Ber\u00e4knad l\u00e4stid\" \/>\n\t<meta name=\"twitter:data1\" content=\"2 minuter\" \/>\n<script type=\"application\/ld+json\" class=\"yoast-schema-graph\">{\"@context\":\"https:\\\/\\\/schema.org\",\"@graph\":[{\"@type\":\"WebPage\",\"@id\":\"https:\\\/\\\/kaustinen.net\\\/teema\\\/\",\"url\":\"https:\\\/\\\/kaustinen.net\\\/teema\\\/\",\"name\":\"Ohjelma - Kaustinen Folk Music Festival\",\"isPartOf\":{\"@id\":\"https:\\\/\\\/kaustinen.net\\\/sv\\\/#website\"},\"datePublished\":\"2026-04-30T07:42:27+00:00\",\"dateModified\":\"2026-04-30T07:43:49+00:00\",\"breadcrumb\":{\"@id\":\"https:\\\/\\\/kaustinen.net\\\/teema\\\/#breadcrumb\"},\"inLanguage\":\"sv-SE\",\"potentialAction\":[{\"@type\":\"ReadAction\",\"target\":[\"https:\\\/\\\/kaustinen.net\\\/teema\\\/\"]}]},{\"@type\":\"BreadcrumbList\",\"@id\":\"https:\\\/\\\/kaustinen.net\\\/teema\\\/#breadcrumb\",\"itemListElement\":[{\"@type\":\"ListItem\",\"position\":1,\"name\":\"Home\",\"item\":\"https:\\\/\\\/kaustinen.net\\\/\"},{\"@type\":\"ListItem\",\"position\":2,\"name\":\"Ohjelma\"}]},{\"@type\":\"WebSite\",\"@id\":\"https:\\\/\\\/kaustinen.net\\\/sv\\\/#website\",\"url\":\"https:\\\/\\\/kaustinen.net\\\/sv\\\/\",\"name\":\"Kaustinen Folk Music Festival\",\"description\":\"Kes\u00e4n onnellisimmat p\u00e4iv\u00e4t\",\"potentialAction\":[{\"@type\":\"SearchAction\",\"target\":{\"@type\":\"EntryPoint\",\"urlTemplate\":\"https:\\\/\\\/kaustinen.net\\\/sv\\\/?s={search_term_string}\"},\"query-input\":{\"@type\":\"PropertyValueSpecification\",\"valueRequired\":true,\"valueName\":\"search_term_string\"}}],\"inLanguage\":\"sv-SE\"}]}<\/script>\n<!-- \/ Yoast SEO plugin. -->","yoast_head_json":{"title":"Program - Kaustby folkmusikfestival","robots":{"index":"index","follow":"follow","max-snippet":"max-snippet:-1","max-image-preview":"max-image-preview:large","max-video-preview":"max-video-preview:-1"},"canonical":"https:\/\/kaustinen.net\/sv\/teema\/","og_locale":"sv_SE","og_type":"article","og_title":"Ohjelma - Kaustinen Folk Music Festival","og_description":"[et_pb_section fb_built=&#8221;1&#8243; _builder_version=&#8221;4.6.6&#8243; _module_preset=&#8221;default&#8221; background_image=&#8221;https:\/\/kaustinen.net\/wp-content\/uploads\/2024\/04\/KAUSTINEN_FOLK_MUSIC_FESTIVAL_Suomi_Finland.jpg&#8221; parallax=&#8221;on&#8221; custom_padding=&#8221;||24px|||&#8221;][et_pb_row _builder_version=&#8221;4.6.6&#8243; _module_preset=&#8221;default&#8221;][et_pb_column type=&#8221;4_4&#8243; _builder_version=&#8221;4.6.6&#8243; _module_preset=&#8221;default&#8221;][et_pb_text _builder_version=&#8221;4.6.6&#8243; _module_preset=&#8221;default&#8221; header_font=&#8221;|600||on|||||&#8221; header_font_size=&#8221;2vw&#8221; header_font_size_tablet=&#8221;10vw&#8221; header_font_size_phone=&#8221;13vw&#8221; header_font_size_last_edited=&#8221;on|phone&#8221;] FESTIVAALITEEMAT 2026 [\/et_pb_text][\/et_pb_column][\/et_pb_row][\/et_pb_section][et_pb_section fb_built=&#8221;1&#8243; disabled_on=&#8221;off|off|off&#8221; _builder_version=&#8221;4.6.6&#8243; _module_preset=&#8221;default&#8221; custom_padding=&#8221;38px||0px|||&#8221;][et_pb_row column_structure=&#8221;1_2,1_2&#8243; _builder_version=&#8221;4.6.6&#8243; _module_preset=&#8221;default&#8221; background_enable_image=&#8221;off&#8221; background_size=&#8221;contain&#8221; background_position=&#8221;top_center&#8221; width=&#8221;50%&#8221; width_tablet=&#8221;80%&#8221; width_phone=&#8221;92%&#8221; width_last_edited=&#8221;on|tablet&#8221; module_alignment=&#8221;center&#8221; custom_padding=&#8221;43px||43px||true|&#8221; hover_enabled=&#8221;0&#8243; border_width_bottom=&#8221;5px&#8221; sticky_enabled=&#8221;0&#8243; border_color_all=&#8221;rgba(0,0,0,0)&#8221;][et_pb_column type=&#8221;1_2&#8243; _builder_version=&#8221;4.6.6&#8243; _module_preset=&#8221;default&#8221;][et_pb_image src=&#8221;https:\/\/kaustinen.net\/wp-content\/uploads\/2026\/01\/KaustinenFMF_2026_a.jpg&#8221; title_text=&#8221;KaustinenFMF_2026_a&#8221; _builder_version=&#8221;4.6.6&#8243; _module_preset=&#8221;default&#8221;][\/et_pb_image][\/et_pb_column][et_pb_column type=&#8221;1_2&#8243; _builder_version=&#8221;4.6.6&#8243; _module_preset=&#8221;default&#8221;][et_pb_text _builder_version=&#8221;4.6.6&#8243; _module_preset=&#8221;default&#8221; [&hellip;]","og_url":"https:\/\/kaustinen.net\/sv\/teema\/","og_site_name":"Kaustinen Folk Music Festival","article_modified_time":"2026-04-30T07:43:49+00:00","twitter_card":"summary_large_image","twitter_misc":{"Ber\u00e4knad l\u00e4stid":"2 minuter"},"schema":{"@context":"https:\/\/schema.org","@graph":[{"@type":"WebPage","@id":"https:\/\/kaustinen.net\/teema\/","url":"https:\/\/kaustinen.net\/teema\/","name":"Program - Kaustby folkmusikfestival","isPartOf":{"@id":"https:\/\/kaustinen.net\/sv\/#website"},"datePublished":"2026-04-30T07:42:27+00:00","dateModified":"2026-04-30T07:43:49+00:00","breadcrumb":{"@id":"https:\/\/kaustinen.net\/teema\/#breadcrumb"},"inLanguage":"sv-SE","potentialAction":[{"@type":"ReadAction","target":["https:\/\/kaustinen.net\/teema\/"]}]},{"@type":"BreadcrumbList","@id":"https:\/\/kaustinen.net\/teema\/#breadcrumb","itemListElement":[{"@type":"ListItem","position":1,"name":"Home","item":"https:\/\/kaustinen.net\/"},{"@type":"ListItem","position":2,"name":"Ohjelma"}]},{"@type":"WebSite","@id":"https:\/\/kaustinen.net\/sv\/#website","url":"https:\/\/kaustinen.net\/sv\/","name":"Kaustinen Folk Music Festival","description":"Sommarens lyckligaste dagar","potentialAction":[{"@type":"SearchAction","target":{"@type":"EntryPoint","urlTemplate":"https:\/\/kaustinen.net\/sv\/?s={search_term_string}"},"query-input":{"@type":"PropertyValueSpecification","valueRequired":true,"valueName":"search_term_string"}}],"inLanguage":"sv-SE"}]}},"jetpack_sharing_enabled":true,"_links":{"self":[{"href":"https:\/\/kaustinen.net\/sv\/wp-json\/wp\/v2\/pages\/46624","targetHints":{"allow":["GET"]}}],"collection":[{"href":"https:\/\/kaustinen.net\/sv\/wp-json\/wp\/v2\/pages"}],"about":[{"href":"https:\/\/kaustinen.net\/sv\/wp-json\/wp\/v2\/types\/page"}],"author":[{"embeddable":true,"href":"https:\/\/kaustinen.net\/sv\/wp-json\/wp\/v2\/users\/25"}],"replies":[{"embeddable":true,"href":"https:\/\/kaustinen.net\/sv\/wp-json\/wp\/v2\/comments?post=46624"}],"version-history":[{"count":1,"href":"https:\/\/kaustinen.net\/sv\/wp-json\/wp\/v2\/pages\/46624\/revisions"}],"predecessor-version":[{"id":46645,"href":"https:\/\/kaustinen.net\/sv\/wp-json\/wp\/v2\/pages\/46624\/revisions\/46645"}],"wp:attachment":[{"href":"https:\/\/kaustinen.net\/sv\/wp-json\/wp\/v2\/media?parent=46624"}],"curies":[{"name":"wp","href":"https:\/\/api.w.org\/{rel}","templated":true}]}}