{"version":"1.0","provider_name":"Kaustinen Folk Music Festival","provider_url":"https:\/\/kaustinen.net\/sv","author_name":"admin","author_url":"https:\/\/kaustinen.net\/sv\/author\/jimmy\/","title":"Nyt my\u00f6s n\u00e4ytteilleasettajapaikat haettavissa! - Kaustinen Folk Music Festival","type":"rich","width":600,"height":338,"html":"<blockquote class=\"wp-embedded-content\" data-secret=\"Qy3TcRABD8\"><a href=\"https:\/\/kaustinen.net\/sv\/nyt-myos-naytteilleasettajapaikat-haettavissa\/\">Nu finns \u00e4ven utst\u00e4llarplatser tillg\u00e4ngliga!<\/a><\/blockquote><iframe sandbox=\"allow-scripts\" security=\"restricted\" src=\"https:\/\/kaustinen.net\/sv\/nyt-myos-naytteilleasettajapaikat-haettavissa\/embed\/#?secret=Qy3TcRABD8\" width=\"600\" height=\"338\" title=\"\u201dNu \u00e4ven tillg\u00e4ngligt f\u00f6r utst\u00e4llarplatser!\u201d - Kaustby folkmusikfestival\" data-secret=\"Qy3TcRABD8\" frameborder=\"0\" marginwidth=\"0\" marginheight=\"0\" scrolling=\"no\" class=\"wp-embedded-content\"><\/iframe><script type=\"text\/javascript\">\n\/* <![CDATA[ *\/\n\/*! This file is auto-generated *\/\n!function(d,l){\"use strict\";l.querySelector&&d.addEventListener&&\"undefined\"!=typeof URL&&(d.wp=d.wp||{},d.wp.receiveEmbedMessage||(d.wp.receiveEmbedMessage=function(e){var t=e.data;if((t||t.secret||t.message||t.value)&&!\/[^a-zA-Z0-9]\/.test(t.secret)){for(var s,r,n,a=l.querySelectorAll('iframe[data-secret=\"'+t.secret+'\"]'),o=l.querySelectorAll('blockquote[data-secret=\"'+t.secret+'\"]'),c=new RegExp(\"^https?:$\",\"i\"),i=0;i<o.length;i++)o[i].style.display=\"none\";for(i=0;i<a.length;i++)s=a[i],e.source===s.contentWindow&&(s.removeAttribute(\"style\"),\"height\"===t.message?(1e3<(r=parseInt(t.value,10))?r=1e3:~~r<200&&(r=200),s.height=r):\"link\"===t.message&&(r=new URL(s.getAttribute(\"src\")),n=new URL(t.value),c.test(n.protocol))&&n.host===r.host&&l.activeElement===s&&(d.top.location.href=t.value))}},d.addEventListener(\"message\",d.wp.receiveEmbedMessage,!1),l.addEventListener(\"DOMContentLoaded\",function(){for(var e,t,s=l.querySelectorAll(\"iframe.wp-embedded-content\"),r=0;r<s.length;r++)(t=(e=s[r]).getAttribute(\"data-secret\"))||(t=Math.random().toString(36).substring(2,12),e.src+=\"#?secret=\"+t,e.setAttribute(\"data-secret\",t)),e.contentWindow.postMessage({message:\"ready\",secret:t},\"*\")},!1)))}(window,document);\n\/\/# sourceURL=https:\/\/kaustinen.net\/wp-includes\/js\/wp-embed.min.js\n\/* ]]> *\/\n<\/script>","description":"Olemme uudistaneet ja yhdenmukaistaneet kaikkien vuokrapaikkojemme haun. Nyt viimeinenkin haku on saatu auki! N\u00e4ytteilleasettajapaikkoja \u2013 myyntin\u00e4yttelyille, ty\u00f6n\u00e4yt\u00f6ksille, esittelypisteille \u2013 festivaalialueelta on tarjolla p\u00e4\u00e4osin yl\u00e4koulun rakennuksessa ja Juhlapihalla, mutta toiveita muustakin paikasta voi esitt\u00e4\u00e4! Lue lis\u00e4\u00e4 t\u00e4\u00e4lt\u00e4 &gt;&gt;&gt;","thumbnail_url":"http:\/\/kaustinen.net\/wp-content\/uploads\/2018\/01\/Ty\u00f6n\u00e4yt\u00f6s_Arto-Kuorikoski-1000x667.jpg"}