{"version":"1.0","provider_name":"Kaustinen Folk Music Festival","provider_url":"https:\/\/kaustinen.net\/sv","author_name":"admin","author_url":"https:\/\/kaustinen.net\/sv\/author\/jimmy\/","title":"Kaustisen kansanmusiikkijuhlien k\u00e4vij\u00e4m\u00e4\u00e4r\u00e4 kasvoi, tulos ylij\u00e4\u00e4m\u00e4inen - Kaustinen Folk Music Festival","type":"rich","width":600,"height":338,"html":"<blockquote class=\"wp-embedded-content\" data-secret=\"4ymdzi1fZL\"><a href=\"https:\/\/kaustinen.net\/sv\/kaustisen-kansanmusiikkijuhlien-kavijamaara-kasvoi-tulos-ylijaamainen\/\">Kaustisen kansanmusiikkijuhlien k\u00e4vij\u00e4m\u00e4\u00e4r\u00e4 kasvoi, tulos ylij\u00e4\u00e4m\u00e4inen<\/a><\/blockquote><iframe sandbox=\"allow-scripts\" security=\"restricted\" src=\"https:\/\/kaustinen.net\/sv\/kaustisen-kansanmusiikkijuhlien-kavijamaara-kasvoi-tulos-ylijaamainen\/embed\/#?secret=4ymdzi1fZL\" width=\"600\" height=\"338\" title=\"\u201dKaustisen kansanmusiikkijuhlien k\u00e4vij\u00e4m\u00e4\u00e4r\u00e4 kasvoi, tulos ylij\u00e4\u00e4m\u00e4inen\u201d &ndash; Kaustinen Folk Music Festival\" data-secret=\"4ymdzi1fZL\" frameborder=\"0\" marginwidth=\"0\" marginheight=\"0\" scrolling=\"no\" class=\"wp-embedded-content\"><\/iframe><script type=\"text\/javascript\">\n\/* <![CDATA[ *\/\n\/*! This file is auto-generated *\/\n!function(d,l){\"use strict\";l.querySelector&&d.addEventListener&&\"undefined\"!=typeof URL&&(d.wp=d.wp||{},d.wp.receiveEmbedMessage||(d.wp.receiveEmbedMessage=function(e){var t=e.data;if((t||t.secret||t.message||t.value)&&!\/[^a-zA-Z0-9]\/.test(t.secret)){for(var s,r,n,a=l.querySelectorAll('iframe[data-secret=\"'+t.secret+'\"]'),o=l.querySelectorAll('blockquote[data-secret=\"'+t.secret+'\"]'),c=new RegExp(\"^https?:$\",\"i\"),i=0;i<o.length;i++)o[i].style.display=\"none\";for(i=0;i<a.length;i++)s=a[i],e.source===s.contentWindow&&(s.removeAttribute(\"style\"),\"height\"===t.message?(1e3<(r=parseInt(t.value,10))?r=1e3:~~r<200&&(r=200),s.height=r):\"link\"===t.message&&(r=new URL(s.getAttribute(\"src\")),n=new URL(t.value),c.test(n.protocol))&&n.host===r.host&&l.activeElement===s&&(d.top.location.href=t.value))}},d.addEventListener(\"message\",d.wp.receiveEmbedMessage,!1),l.addEventListener(\"DOMContentLoaded\",function(){for(var e,t,s=l.querySelectorAll(\"iframe.wp-embedded-content\"),r=0;r<s.length;r++)(t=(e=s[r]).getAttribute(\"data-secret\"))||(t=Math.random().toString(36).substring(2,12),e.src+=\"#?secret=\"+t,e.setAttribute(\"data-secret\",t)),e.contentWindow.postMessage({message:\"ready\",secret:t},\"*\")},!1)))}(window,document);\n\/\/# sourceURL=https:\/\/kaustinen.net\/wp-includes\/js\/wp-embed.min.js\n\/* ]]> *\/\n<\/script>","description":"Kaustisen kansanmusiikkijuhlia j\u00e4rjest\u00e4v\u00e4n tuotanto-organisaatio Pro Kaustinen ry:n tilikauden 2019 tulos oli 12.077 euroa ylij\u00e4\u00e4m\u00e4inen juhlien k\u00e4yntim\u00e4\u00e4r\u00e4n kasvaessa edelliseen vuoteen verrattuna. Tilikauden liikevaihto oli reilut 1.030.000 euroa. \u201dOlemme tyytyv\u00e4isi\u00e4 viime kes\u00e4n juhlien kokonaistulokseen, k\u00e4yntim\u00e4\u00e4r\u00e4n kasvuun ja positiiviseen kehitykseen tapahtumatuotannon eri osa-alueilla.\u201d, toteaa Pro Kaustinen ry:n puheenjohtaja Ira Korkala. Pro Kaustinen ry:n vuosikokous valitsi kokouksessaan 18.12.2019 Ira [&hellip;]","thumbnail_url":"http:\/\/kaustinen.net\/wp-content\/uploads\/2019\/12\/KFMF-2018-Avajaisjuhla-Kuva-Risto-Savolainen-1000x667.jpg"}